{"id":22444,"date":"2026-02-25T13:23:36","date_gmt":"2026-02-25T12:23:36","guid":{"rendered":"https:\/\/www.mascomtal.com\/?post_type=product&#038;p=22444"},"modified":"2026-03-13T09:49:55","modified_gmt":"2026-03-13T08:49:55","slug":"tast-ruta-del-vi-del-penedes","status":"publish","type":"product","link":"https:\/\/www.mascomtal.com\/es\/producto\/tast-ruta-del-vi-del-penedes\/","title":{"rendered":"Especial 25\u00ba Aniversario RUTA DEL VI DEL PENED\u00c8S"},"content":{"rendered":"<h3><strong>Qu\u00e9 incluye \u00e9sta experiencia<\/strong><\/h3>\n<p>Bienvenida por parte de un miembro de la Familia Mil\u00e0 con una copa de espumoso premium<\/p>\n<ul>\n<li data-start=\"2074\" data-end=\"2112\">\n<p data-start=\"2076\" data-end=\"2112\">Paseo interpretativo por los vi\u00f1edos con la Cata Guiada de los Vinos de Finca (copa en mano, en cada parcela)<\/p>\n<\/li>\n<li data-start=\"2177\" data-end=\"2232\">\n<p data-start=\"2179\" data-end=\"2232\">Maridaje individualizado con productos de proximidad<\/p>\n<\/li>\n<li data-start=\"2233\" data-end=\"2303\">\n<p data-start=\"2235\" data-end=\"2303\">Final en el PATIO GASTRON\u00d3MICO con cata de una a\u00f1ada hist\u00f3rica de la bodega<\/p>\n<\/li>\n<li data-start=\"2304\" data-end=\"2326\">\n<p data-start=\"2306\" data-end=\"2326\">Brindis conmemorativo<\/p>\n<\/li>\n<\/ul>\n<p><em>Podr\u00e1s disfrutar libremente del aperitivo en nuestro PATIO GASTRON\u00d3MICO<\/em><\/p>\n","protected":false},"excerpt":{"rendered":"<h3><strong>Una propuesta \u00fanica que nos invita a recorrer nuestros vi\u00f1edos ya degustar los vinos exactamente donde nacen.<\/strong><\/h3>\n<p>Para celebrar el 25 Aniversario de la RUTA DEL VINO DEL PENED\u00c8S, presentamos una experiencia Premium creada especialmente para la ocasi\u00f3n:<strong> ESPECIAL ANIVERSARIO RUTA DEL VINO.<\/strong><\/p>\n<p>Una propuesta \u00fanica que nos invita a recorrer nuestros vi\u00f1edos ya degustar los vinos exactamente donde nacen. Un viaje a trav\u00e9s del tiempo para entender c\u00f3mo ha evolucionado la viticultura y el vino en nuestro territorio durante los \u00faltimos 25 a\u00f1os.<\/p>\n<p>La experiencia comienza con un paseo guiado por las diferentes fincas de la bodega. En cada vi\u00f1a, copa en mano, probaremos el vino de finca que tiene su origen.<\/p>\n<p>Cada cata ser\u00e1 una parada para entender el suelo, orientaci\u00f3n, climatolog\u00eda y decisiones vit\u00edcolas que definen el car\u00e1cter del vino.<\/p>\n<p>Cada vino se acompa\u00f1ar\u00e1 de un producto de proximidad seleccionado espec\u00edficamente para esta experiencia, pensado para realzar su expresi\u00f3n y establecer un di\u00e1logo entre paisaje y gastronom\u00eda.<\/p>\n<p>Esta propuesta culmina en nuestro PATIO GASTRON\u00d3MICO, donde <strong>abriremos una botella de una de las primeras a\u00f1adas de la bodega.<\/strong><\/p>\n<p>Un momento \u00edntimo y exclusivo para degustar la historia embotellada y brindar, con calma, por el camino recorrido y por el futuro que nos espera.<\/p>\n<p><strong>Una experiencia pensada para winelovers y escapadas de fin de semana, donde el vino se convierte en memoria, paisaje y emoci\u00f3n.<\/strong><\/p>\n<p>&nbsp;<\/p>\n<h4><strong>Y lo m\u00e1s importante:<\/strong><\/h4>\n<p>Esta actividad no forma parte de nuestro cat\u00e1logo habitual. Lo hemos creado expresamente por la campa\u00f1a del 25\u00ba, y s\u00f3lo la haremos en fechas muy concretas durante el 2026<\/p>\n","protected":false},"featured_media":22461,"comment_status":"open","ping_status":"closed","template":"","meta":{"_acf_changed":false,"_et_pb_use_builder":"off","_et_pb_old_content":"<h3><strong>Benvenida<\/strong><\/h3>\nIniciamos la experiencia de la mano de un miembro de la familia Mil\u00e0 y con una copa de espumoso. Os impregnar\u00e1 en la historia de nuestra bodega y del emocionante universo del vino en el Pened\u00e8s. \n<h3><strong>Paseo por los vi\u00f1edos<\/strong><\/h3>\nDisfruta de un recorrido entre las cepas, donde descubrir\u00e1s el origen de nuestra uva, la conexi\u00f3n \u00fanica con el terroir y la viticultura ecol\u00f3gica.\n<h3><strong>Cata guiada<\/strong><\/h3>\nAd\u00e9ntrate en la experiencia de probar una selecci\u00f3n 3 de nuestros vinos m\u00e1s destacados, acompa\u00f1ado de una peque\u00f1a cata de productos de km0\n<h3><strong>Tiempo Libre<\/strong><\/h3>\nRel\u00e1jate y disfruta del entorno. Pregunta cualquier duda que tengas e impregn\u00e1te de la atm\u00f3sfera \u00fanica de MAS COMTAL \n\n<em>(*) Existe la posibilidad de incrementar el n\u00famero de vinos de la cata abonando el coste de la botella.<\/em>","_et_gb_content_width":""},"product_brand":[],"product_cat":[81],"product_tag":[],"class_list":{"0":"post-22444","1":"product","2":"type-product","3":"status-publish","4":"has-post-thumbnail","6":"product_cat-enoturismo","8":"first","9":"instock","10":"virtual","11":"sold-individually","12":"taxable","13":"purchasable","14":"product-type-booking"},"group_of_quantity":0,"min_quantity":0,"max_quantity":"","exclude_order_quantity_value_rules":"no","exclude_category_quantity_rules":"no","combine_variations":"no","acf":[],"_links":{"self":[{"href":"https:\/\/www.mascomtal.com\/es\/wp-json\/wp\/v2\/product\/22444","targetHints":{"allow":["GET"]}}],"collection":[{"href":"https:\/\/www.mascomtal.com\/es\/wp-json\/wp\/v2\/product"}],"about":[{"href":"https:\/\/www.mascomtal.com\/es\/wp-json\/wp\/v2\/types\/product"}],"replies":[{"embeddable":true,"href":"https:\/\/www.mascomtal.com\/es\/wp-json\/wp\/v2\/comments?post=22444"}],"wp:featuredmedia":[{"embeddable":true,"href":"https:\/\/www.mascomtal.com\/es\/wp-json\/wp\/v2\/media\/22461"}],"wp:attachment":[{"href":"https:\/\/www.mascomtal.com\/es\/wp-json\/wp\/v2\/media?parent=22444"}],"wp:term":[{"taxonomy":"product_brand","embeddable":true,"href":"https:\/\/www.mascomtal.com\/es\/wp-json\/wp\/v2\/product_brand?post=22444"},{"taxonomy":"product_cat","embeddable":true,"href":"https:\/\/www.mascomtal.com\/es\/wp-json\/wp\/v2\/product_cat?post=22444"},{"taxonomy":"product_tag","embeddable":true,"href":"https:\/\/www.mascomtal.com\/es\/wp-json\/wp\/v2\/product_tag?post=22444"}],"curies":[{"name":"wp","href":"https:\/\/api.w.org\/{rel}","templated":true}]}}